{"id":1289,"date":"2022-06-10T13:35:56","date_gmt":"2022-06-10T12:35:56","guid":{"rendered":"http:\/\/tallinn.design\/?post_type=places&#038;p=1289"},"modified":"2022-06-13T10:56:56","modified_gmt":"2022-06-13T09:56:56","slug":"demini-kaubamaja","status":"publish","type":"places","link":"http:\/\/tallinn.design\/et\/places\/demini-kaubamaja\/","title":{"rendered":"Demini kaubamaja"},"content":{"rendered":"<p>Demini kaubamaja<br \/>\n17.-19. sajand<\/p>\n<p>Peterburist tulnud ettev\u00f5tja Vassili Demin avas 1826. aastal Viru ja Vene t\u00e4nava nurgal koloniaalkaupluse, mille tema poeg laiendas \u00fc\u00fcrikorteritega kaubamajaks. Efektse nurgalahendusega ohtra dekooriga neljakorruselise uusrenessanssliku hoone rajajaks on \u00fcks mainekamaid baltisaksa arhitekte Rudolf Otto von Kn\u00fcpffer. Sellele viitab ka tahvel \u201e\u200b\u200bAedificatum anno 1881 a Basilio Demin\u201c ehk \u201eEhitatud 1881 Basil Demini poolt.\u201c<br \/>\nOsavalt on hoone juures \u00e4ra kasutatud esivanemaks olnud hoone 17. sajandist p\u00e4rit raidplaate. Leiame nii vappe kui ka nimesid \u201eHinrich Bohnsack Susanna Rampach 1653\u201c, vaga r\u00fc\u00fcga ehitusaegseid viiteid \u201eFiat voluntas dei 1603\u201c (\u201e\u200b\u200bJumala tahe s\u00fcndigu 1603\u201d). Samuti kasutatakse saksakeelseid piiblipsalme nagu \u201e Issanda ingel on leerina nende \u00fcmber, kes teda kardavad, ja ta vabastab nad\u201c. 1998. aastal sai hoonest uuesti \u00e4rikeskus, mis kunagise pere\u00e4ri auks sai nimeks Demini, mida fassaadil eri viisidel ka siiani korratakse. Lahendus r\u00f5hutab veidi uue omaniku Itaalia tausta. <\/p>\n","protected":false},"featured_media":0,"template":"","categories":[27],"class_list":["post-1289","places","type-places","status-publish","hentry","category-raakiv-linnaruum-2"],"better_featured_image":null,"acf":{"gallery":[{"ID":1291,"id":1291,"title":"Demini 03","filename":"Demini-03.jpg","filesize":674689,"url":"http:\/\/tallinn.design\/wp-content\/uploads\/2022\/06\/Demini-03.jpg","link":"http:\/\/tallinn.design\/places\/tombstones-of-the-dominican-monastery\/demini-03-2\/","alt":"","author":"3","description":"","caption":"","name":"demini-03-2","status":"inherit","uploaded_to":1288,"date":"2022-06-10 12:35:45","modified":"2022-06-10 12:36:45","menu_order":0,"mime_type":"image\/jpeg","type":"image","subtype":"jpeg","icon":"http:\/\/tallinn.design\/wp-includes\/images\/media\/default.png","width":560,"height":840,"sizes":{"thumbnail":"http:\/\/tallinn.design\/wp-content\/uploads\/2022\/06\/Demini-03-150x150.jpg","thumbnail-width":150,"thumbnail-height":150,"medium":"http:\/\/tallinn.design\/wp-content\/uploads\/2022\/06\/Demini-03-200x300.jpg","medium-width":200,"medium-height":300,"medium_large":"http:\/\/tallinn.design\/wp-content\/uploads\/2022\/06\/Demini-03.jpg","medium_large-width":560,"medium_large-height":840,"large":"http:\/\/tallinn.design\/wp-content\/uploads\/2022\/06\/Demini-03.jpg","large-width":560,"large-height":840,"1536x1536":"http:\/\/tallinn.design\/wp-content\/uploads\/2022\/06\/Demini-03.jpg","1536x1536-width":560,"1536x1536-height":840,"2048x2048":"http:\/\/tallinn.design\/wp-content\/uploads\/2022\/06\/Demini-03.jpg","2048x2048-width":560,"2048x2048-height":840}},{"ID":1293,"id":1293,"title":"Demini 02","filename":"Demini-02.jpg","filesize":549888,"url":"http:\/\/tallinn.design\/wp-content\/uploads\/2022\/06\/Demini-02.jpg","link":"http:\/\/tallinn.design\/places\/tombstones-of-the-dominican-monastery\/demini-02-2\/","alt":"","author":"3","description":"","caption":"","name":"demini-02-2","status":"inherit","uploaded_to":1288,"date":"2022-06-10 12:35:45","modified":"2022-06-10 12:35:45","menu_order":0,"mime_type":"image\/jpeg","type":"image","subtype":"jpeg","icon":"http:\/\/tallinn.design\/wp-includes\/images\/media\/default.png","width":840,"height":560,"sizes":{"thumbnail":"http:\/\/tallinn.design\/wp-content\/uploads\/2022\/06\/Demini-02-150x150.jpg","thumbnail-width":150,"thumbnail-height":150,"medium":"http:\/\/tallinn.design\/wp-content\/uploads\/2022\/06\/Demini-02-300x200.jpg","medium-width":300,"medium-height":200,"medium_large":"http:\/\/tallinn.design\/wp-content\/uploads\/2022\/06\/Demini-02-768x512.jpg","medium_large-width":768,"medium_large-height":512,"large":"http:\/\/tallinn.design\/wp-content\/uploads\/2022\/06\/Demini-02.jpg","large-width":840,"large-height":560,"1536x1536":"http:\/\/tallinn.design\/wp-content\/uploads\/2022\/06\/Demini-02.jpg","1536x1536-width":840,"1536x1536-height":560,"2048x2048":"http:\/\/tallinn.design\/wp-content\/uploads\/2022\/06\/Demini-02.jpg","2048x2048-width":840,"2048x2048-height":560}},{"ID":1295,"id":1295,"title":"Demini 01","filename":"Demini-01.jpg","filesize":812964,"url":"http:\/\/tallinn.design\/wp-content\/uploads\/2022\/06\/Demini-01.jpg","link":"http:\/\/tallinn.design\/places\/tombstones-of-the-dominican-monastery\/demini-01-2\/","alt":"","author":"3","description":"","caption":"","name":"demini-01-2","status":"inherit","uploaded_to":1288,"date":"2022-06-10 12:35:46","modified":"2022-06-10 12:35:46","menu_order":0,"mime_type":"image\/jpeg","type":"image","subtype":"jpeg","icon":"http:\/\/tallinn.design\/wp-includes\/images\/media\/default.png","width":840,"height":560,"sizes":{"thumbnail":"http:\/\/tallinn.design\/wp-content\/uploads\/2022\/06\/Demini-01-150x150.jpg","thumbnail-width":150,"thumbnail-height":150,"medium":"http:\/\/tallinn.design\/wp-content\/uploads\/2022\/06\/Demini-01-300x200.jpg","medium-width":300,"medium-height":200,"medium_large":"http:\/\/tallinn.design\/wp-content\/uploads\/2022\/06\/Demini-01-768x512.jpg","medium_large-width":768,"medium_large-height":512,"large":"http:\/\/tallinn.design\/wp-content\/uploads\/2022\/06\/Demini-01.jpg","large-width":840,"large-height":560,"1536x1536":"http:\/\/tallinn.design\/wp-content\/uploads\/2022\/06\/Demini-01.jpg","1536x1536-width":840,"1536x1536-height":560,"2048x2048":"http:\/\/tallinn.design\/wp-content\/uploads\/2022\/06\/Demini-01.jpg","2048x2048-width":840,"2048x2048-height":560}},{"ID":1309,"id":1309,"title":"r\u00e4\u00e4kiv_demin_AMN5631_278","filename":"r\u00e4\u00e4kiv_demin_AMN5631_278.jpg","filesize":17920347,"url":"http:\/\/tallinn.design\/wp-content\/uploads\/2022\/06\/r\u00e4\u00e4kiv_demin_AMN5631_278.jpg","link":"http:\/\/tallinn.design\/places\/tombstones-of-the-dominican-monastery\/raakiv_demin_amn5631_278-2\/","alt":"","author":"3","description":"","caption":"","name":"raakiv_demin_amn5631_278-2","status":"inherit","uploaded_to":1288,"date":"2022-06-13 09:56:29","modified":"2022-06-13 09:57:16","menu_order":0,"mime_type":"image\/jpeg","type":"image","subtype":"jpeg","icon":"http:\/\/tallinn.design\/wp-includes\/images\/media\/default.png","width":4104,"height":3006,"sizes":{"thumbnail":"http:\/\/tallinn.design\/wp-content\/uploads\/2022\/06\/r\u00e4\u00e4kiv_demin_AMN5631_278-150x150.jpg","thumbnail-width":150,"thumbnail-height":150,"medium":"http:\/\/tallinn.design\/wp-content\/uploads\/2022\/06\/r\u00e4\u00e4kiv_demin_AMN5631_278-300x220.jpg","medium-width":300,"medium-height":220,"medium_large":"http:\/\/tallinn.design\/wp-content\/uploads\/2022\/06\/r\u00e4\u00e4kiv_demin_AMN5631_278-768x563.jpg","medium_large-width":768,"medium_large-height":563,"large":"http:\/\/tallinn.design\/wp-content\/uploads\/2022\/06\/r\u00e4\u00e4kiv_demin_AMN5631_278-1024x750.jpg","large-width":1024,"large-height":750,"1536x1536":"http:\/\/tallinn.design\/wp-content\/uploads\/2022\/06\/r\u00e4\u00e4kiv_demin_AMN5631_278.jpg","1536x1536-width":1536,"1536x1536-height":1125,"2048x2048":"http:\/\/tallinn.design\/wp-content\/uploads\/2022\/06\/r\u00e4\u00e4kiv_demin_AMN5631_278.jpg","2048x2048-width":2048,"2048x2048-height":1500}}],"url":"","opening_times":"","address":"Vene 2","location":{"address":"Vene 2, Tallinn, Estonia","lat":"59.4369651","lng":"24.7468974"},"extra_locations":false},"term_name":["N\u00e4itus: R\u00e4\u00e4kiv linnaruum"],"term_slug":["raakiv-linnaruum-2"],"term_translation":["communicative-urban-space"],"_links":{"self":[{"href":"http:\/\/tallinn.design\/wp-json\/wp\/v2\/places\/1289","targetHints":{"allow":["GET"]}}],"collection":[{"href":"http:\/\/tallinn.design\/wp-json\/wp\/v2\/places"}],"about":[{"href":"http:\/\/tallinn.design\/wp-json\/wp\/v2\/types\/places"}],"wp:attachment":[{"href":"http:\/\/tallinn.design\/wp-json\/wp\/v2\/media?parent=1289"}],"wp:term":[{"taxonomy":"category","embeddable":true,"href":"http:\/\/tallinn.design\/wp-json\/wp\/v2\/categories?post=1289"}],"curies":[{"name":"wp","href":"https:\/\/api.w.org\/{rel}","templated":true}]}}